{"id":1267,"date":"2024-04-28T22:40:32","date_gmt":"2024-04-28T22:40:32","guid":{"rendered":"https:\/\/na4u.pt\/?page_id=1267"},"modified":"2026-02-03T13:58:34","modified_gmt":"2026-02-03T13:58:34","slug":"workshop-pilates-clinico","status":"publish","type":"page","link":"https:\/\/na4u.pt\/index.php\/workshop-pilates-clinico\/","title":{"rendered":"WorkShop &#8211; Jos\u00e9 Miguel Garcia"},"content":{"rendered":"\t\t<div data-elementor-type=\"wp-page\" data-elementor-id=\"1267\" class=\"elementor elementor-1267\">\n\t\t\t\t\t\t<section class=\"elementor-section elementor-top-section elementor-element elementor-element-7536064f elementor-section-boxed elementor-section-height-default elementor-section-height-default\" data-id=\"7536064f\" data-element_type=\"section\" data-e-type=\"section\" data-settings=\"{&quot;background_background&quot;:&quot;classic&quot;}\">\n\t\t\t\t\t\t<div class=\"elementor-container elementor-column-gap-wider\">\n\t\t\t\t\t<div class=\"elementor-column elementor-col-50 elementor-top-column elementor-element elementor-element-6ed0e968\" data-id=\"6ed0e968\" data-element_type=\"column\" data-e-type=\"column\">\n\t\t\t<div class=\"elementor-widget-wrap elementor-element-populated\">\n\t\t\t\t\t\t<div class=\"elementor-element elementor-element-cf845f7 visually-hidden elementor-widget elementor-widget-lae-heading\" data-id=\"cf845f7\" data-element_type=\"widget\" data-e-type=\"widget\" data-widget_type=\"lae-heading.default\">\n\t\t\t\t<div class=\"elementor-widget-container\">\n\t\t\t\t\t\n<div class=\"lae-heading lae-style1 lae-aligncenter \" >\n\n    <h1 class=\"lae-title\">Workshop - NA4U Sa\u00fade e Bem Estar<\/h1>\n\n    \n<\/div><!-- .lae-heading -->\t\t\t\t<\/div>\n\t\t\t\t<\/div>\n\t\t\t\t<div class=\"elementor-element elementor-element-323c4912 elementor-widget elementor-widget-heading\" data-id=\"323c4912\" data-element_type=\"widget\" data-e-type=\"widget\" data-widget_type=\"heading.default\">\n\t\t\t\t<div class=\"elementor-widget-container\">\n\t\t\t\t\t<span class=\"elementor-heading-title elementor-size-default\">WORKSHOP<\/span>\t\t\t\t<\/div>\n\t\t\t\t<\/div>\n\t\t\t\t<div class=\"elementor-element elementor-element-99e2d7e elementor-widget elementor-widget-heading\" data-id=\"99e2d7e\" data-element_type=\"widget\" data-e-type=\"widget\" data-widget_type=\"heading.default\">\n\t\t\t\t<div class=\"elementor-widget-container\">\n\t\t\t\t\t<h2 class=\"elementor-heading-title elementor-size-default\">Introdu\u00e7\u00e3o e apresenta\u00e7\u00e3o<\/h2>\t\t\t\t<\/div>\n\t\t\t\t<\/div>\n\t\t\t\t<div class=\"elementor-element elementor-element-5035b9f4 elementor-widget-divider--view-line elementor-widget elementor-widget-divider\" data-id=\"5035b9f4\" data-element_type=\"widget\" data-e-type=\"widget\" data-widget_type=\"divider.default\">\n\t\t\t\t<div class=\"elementor-widget-container\">\n\t\t\t\t\t\t\t<div class=\"elementor-divider\">\n\t\t\t<span class=\"elementor-divider-separator\">\n\t\t\t\t\t\t<\/span>\n\t\t<\/div>\n\t\t\t\t\t\t<\/div>\n\t\t\t\t<\/div>\n\t\t\t\t<div class=\"elementor-element elementor-element-57788d9f elementor-widget elementor-widget-text-editor\" data-id=\"57788d9f\" data-element_type=\"widget\" data-e-type=\"widget\" data-widget_type=\"text-editor.default\">\n\t\t\t\t<div class=\"elementor-widget-container\">\n\t\t\t\t\t\t\t\t\t<p><strong>Nota: Workshop realizado dia 20.07.2024<\/strong><\/p>\n<p>Jos\u00e9 Miguel Garcia, Professor do Aut\u00eantico M\u00e9todo Pilates formado por Inelia Garcia no The Pilates Studio Brasil. No fim da sua gradua\u00e7\u00e3o em Educa\u00e7\u00e3o F\u00edsica, em 2013, em Santiago do Chile, ingressou no \u201cThe Pilates Studio\u00ae Brasil\u201d para iniciar o processo de certifica\u00e7\u00e3o. A partir de 2015 passou a integrar a coordena\u00e7\u00e3o da escola Higien\u00f3polis onde frequentou treinos para professores. Jos\u00e9 Miguel acompanha e participa diretamente dos processos de certifica\u00e7\u00e3o no Brasil, Portugal e Chile.<\/p>\n<p>Com vasta experi\u00eancia em forma\u00e7\u00e3o de professores e treinos t\u00e9cnicos para equipas de professores e workshops. Formado h\u00e1 10 anos, d\u00e1 workshops e confer\u00eancias h\u00e1 5 e n\u00e3o esconde a paix\u00e3o pelo ensino do m\u00e9todo.<\/p>\n<p>O primeiro workshop de Jos\u00e9 Miguel Garcia no Est\u00fadio de Pilates Azeit\u00e3o, ser\u00e1 j\u00e1 em Julho nos dias 20 e 21, com a possibilidade de agendar aula privada no dia 19 (sujeito a marca\u00e7\u00e3o pr\u00e9via e ao n\u00famero de vagas dispon\u00edveis).<\/p>\t\t\t\t\t\t\t\t<\/div>\n\t\t\t\t<\/div>\n\t\t\t\t\t<\/div>\n\t\t<\/div>\n\t\t\t\t<div class=\"elementor-column elementor-col-50 elementor-top-column elementor-element elementor-element-2100959c\" data-id=\"2100959c\" data-element_type=\"column\" data-e-type=\"column\">\n\t\t\t<div class=\"elementor-widget-wrap elementor-element-populated\">\n\t\t\t\t\t\t<div class=\"elementor-element elementor-element-d6c77e7 elementor-widget elementor-widget-spacer\" data-id=\"d6c77e7\" data-element_type=\"widget\" data-e-type=\"widget\" data-widget_type=\"spacer.default\">\n\t\t\t\t<div class=\"elementor-widget-container\">\n\t\t\t\t\t\t\t<div class=\"elementor-spacer\">\n\t\t\t<div class=\"elementor-spacer-inner\"><\/div>\n\t\t<\/div>\n\t\t\t\t\t\t<\/div>\n\t\t\t\t<\/div>\n\t\t\t\t<div class=\"elementor-element elementor-element-6c776c92 elementor-widget elementor-widget-image\" data-id=\"6c776c92\" data-element_type=\"widget\" data-e-type=\"widget\" data-widget_type=\"image.default\">\n\t\t\t\t<div class=\"elementor-widget-container\">\n\t\t\t\t\t\t\t\t\t\t\t\t\t\t\t<img fetchpriority=\"high\" decoding=\"async\" width=\"1400\" height=\"900\" src=\"https:\/\/na4u.pt\/wp-content\/uploads\/2024\/04\/workshop_1.jpg\" class=\"attachment-full size-full wp-image-1295\" alt=\"\" srcset=\"https:\/\/na4u.pt\/wp-content\/uploads\/2024\/04\/workshop_1.jpg 1400w, https:\/\/na4u.pt\/wp-content\/uploads\/2024\/04\/workshop_1-300x193.jpg 300w, https:\/\/na4u.pt\/wp-content\/uploads\/2024\/04\/workshop_1-1024x658.jpg 1024w, https:\/\/na4u.pt\/wp-content\/uploads\/2024\/04\/workshop_1-768x494.jpg 768w\" sizes=\"(max-width: 1400px) 100vw, 1400px\" \/>\t\t\t\t\t\t\t\t\t\t\t\t\t\t\t<\/div>\n\t\t\t\t<\/div>\n\t\t\t\t\t<\/div>\n\t\t<\/div>\n\t\t\t\t\t<\/div>\n\t\t<\/section>\n\t\t<div class=\"elementor-element elementor-element-cc01677 e-flex e-con-boxed e-con e-parent\" data-id=\"cc01677\" data-element_type=\"container\" data-e-type=\"container\">\n\t\t\t\t\t<div class=\"e-con-inner\">\n\t\t\t\t<div class=\"elementor-element elementor-element-40ec198 elementor-widget elementor-widget-spacer\" data-id=\"40ec198\" data-element_type=\"widget\" data-e-type=\"widget\" data-widget_type=\"spacer.default\">\n\t\t\t\t<div class=\"elementor-widget-container\">\n\t\t\t\t\t\t\t<div class=\"elementor-spacer\">\n\t\t\t<div class=\"elementor-spacer-inner\"><\/div>\n\t\t<\/div>\n\t\t\t\t\t\t<\/div>\n\t\t\t\t<\/div>\n\t\t\t\t\t<\/div>\n\t\t\t\t<\/div>\n\t\t<div class=\"elementor-element elementor-element-b192acf e-flex e-con-boxed e-con e-parent\" data-id=\"b192acf\" data-element_type=\"container\" data-e-type=\"container\">\n\t\t\t\t\t<div class=\"e-con-inner\">\n\t\t\t\t<div class=\"elementor-element elementor-element-aa2d627 elementor-widget elementor-widget-heading\" data-id=\"aa2d627\" data-element_type=\"widget\" data-e-type=\"widget\" data-widget_type=\"heading.default\">\n\t\t\t\t<div class=\"elementor-widget-container\">\n\t\t\t\t\t<h2 class=\"elementor-heading-title elementor-size-default\">Programa\u00e7\u00e3o para o Workshop<\/h2>\t\t\t\t<\/div>\n\t\t\t\t<\/div>\n\t\t\t\t\t<\/div>\n\t\t\t\t<\/div>\n\t\t<div class=\"elementor-element elementor-element-6027330 e-flex e-con-boxed e-con e-parent\" data-id=\"6027330\" data-element_type=\"container\" data-e-type=\"container\">\n\t\t\t\t\t<div class=\"e-con-inner\">\n\t\t<div class=\"elementor-element elementor-element-5c515cf e-con-full e-flex e-con e-child\" data-id=\"5c515cf\" data-element_type=\"container\" data-e-type=\"container\">\n\t\t\t\t<div class=\"elementor-element elementor-element-326a48e elementor-widget elementor-widget-text-editor\" data-id=\"326a48e\" data-element_type=\"widget\" data-e-type=\"widget\" data-widget_type=\"text-editor.default\">\n\t\t\t\t<div class=\"elementor-widget-container\">\n\t\t\t\t\t\t\t\t\t<p><strong>BLOCO 1<\/strong><\/p><p><strong>Constru\u00e7\u00e3o das extens\u00f5es da coluna<br \/><br \/>S\u00e1b 20.07.2024 das 9h-13h (4h)<\/strong><\/p><p>Juntos vamos mergulhar nas profundezas do m\u00e9todo e desvendar este dilema t\u00e3o falado entre os pilateiros. Jos\u00e9 Garcia ir\u00e1 ensinar a construir uma extens\u00e3o de coluna de forma saud\u00e1vel e did\u00e1tica. Recordando que a primeira extens\u00e3o da nossa coluna come\u00e7a a desenvolver-se aos 3 meses de idade e como a continuamos a usar nos dias de hoje. Curiosos?<\/p>\t\t\t\t\t\t\t\t<\/div>\n\t\t\t\t<\/div>\n\t\t\t\t<\/div>\n\t\t<div class=\"elementor-element elementor-element-81d96d2 e-con-full e-flex e-con e-child\" data-id=\"81d96d2\" data-element_type=\"container\" data-e-type=\"container\">\n\t\t\t\t<div class=\"elementor-element elementor-element-81fd6a5 elementor-widget elementor-widget-text-editor\" data-id=\"81fd6a5\" data-element_type=\"widget\" data-e-type=\"widget\" data-widget_type=\"text-editor.default\">\n\t\t\t\t<div class=\"elementor-widget-container\">\n\t\t\t\t\t\t\t\t\t<p><strong>BLOCO 2<\/strong><\/p><p><strong>Exerc\u00edcios de arquivo no Reformer, parece misterioso?<br \/><br \/>S\u00e1b 20.07.2024 das 14h30-18h30 (4h)<\/strong><\/p><p>Na realidade s\u00e3o exerc\u00edcios maravilhosos e desconhecidos por alguns! Jos\u00e9 Miguel Garcia ir\u00e1 dar a conhec\u00ea-los, lev\u00e1-los \u00e0 pr\u00e1tica e principalmente orientar a turma a introduzi-los da forma mais segura e org\u00e2nica, fazendo com que a aula possa cumprir o objetivo planeado. N\u00e3o hesites e n\u00e3o percas nada deste assunto maravilhoso.<\/p>\t\t\t\t\t\t\t\t<\/div>\n\t\t\t\t<\/div>\n\t\t\t\t<\/div>\n\t\t<div class=\"elementor-element elementor-element-a88ef3b e-con-full e-flex e-con e-child\" data-id=\"a88ef3b\" data-element_type=\"container\" data-e-type=\"container\">\n\t\t\t\t<div class=\"elementor-element elementor-element-04c18f5 elementor-widget elementor-widget-text-editor\" data-id=\"04c18f5\" data-element_type=\"widget\" data-e-type=\"widget\" data-widget_type=\"text-editor.default\">\n\t\t\t\t<div class=\"elementor-widget-container\">\n\t\t\t\t\t\t\t\t\t<p><strong>BLOCO 3<\/strong><\/p><p><strong>A rela\u00e7\u00e3o entre as cadeiras na constru\u00e7\u00e3o dos exerc\u00edcios do MAT. E ainda \u2026Finaliza\u00e7\u00f5es de aula: Para quem? Para qu\u00ea? Como?<br \/><br \/>Dom 21.07.2024 das 9h-13h (4h)<\/strong><\/p><p>A rela\u00e7\u00e3o entre as cadeiras na constru\u00e7\u00e3o dos exerc\u00edcios do MAT. Dentro da metodologia existe a possibilidade de fazer conex\u00f5es, liga\u00e7\u00f5es e formas de relacionar aparelhos, isso chama-se SYSTEM, e neste workshop vamos integrar estes dois aparelhos intensos e fundamentais dentro da pr\u00e1tica do m\u00e9todo.<\/p><p>Finalizando o nosso fim de semana de workshop, abordaremos as finaliza\u00e7\u00f5es de aula. Temos a ideia de que qualquer exerc\u00edcio pode ser \u00f3timo, mas se pensarmos que o \u00faltimo exerc\u00edcio vai ser a \u00faltima sensa\u00e7\u00e3o que o aluno ter\u00e1 ap\u00f3s a aula, qual ser\u00e1 a melhor op\u00e7\u00e3o? Ent\u00e3o, vamos descobrir qual \u00e9 a melhor escolha para o aluno e levar aula a outro n\u00edvel.<\/p>\t\t\t\t\t\t\t\t<\/div>\n\t\t\t\t<\/div>\n\t\t\t\t<\/div>\n\t\t<div class=\"elementor-element elementor-element-c1c524f e-con-full e-flex e-con e-child\" data-id=\"c1c524f\" data-element_type=\"container\" data-e-type=\"container\">\n\t\t\t\t<div class=\"elementor-element elementor-element-37b6228 elementor-widget elementor-widget-spacer\" data-id=\"37b6228\" data-element_type=\"widget\" data-e-type=\"widget\" data-widget_type=\"spacer.default\">\n\t\t\t\t<div class=\"elementor-widget-container\">\n\t\t\t\t\t\t\t<div class=\"elementor-spacer\">\n\t\t\t<div class=\"elementor-spacer-inner\"><\/div>\n\t\t<\/div>\n\t\t\t\t\t\t<\/div>\n\t\t\t\t<\/div>\n\t\t\t\t<div class=\"elementor-element elementor-element-c507062 elementor-widget elementor-widget-image\" data-id=\"c507062\" data-element_type=\"widget\" data-e-type=\"widget\" data-widget_type=\"image.default\">\n\t\t\t\t<div class=\"elementor-widget-container\">\n\t\t\t\t\t\t\t\t\t\t\t\t\t\t\t<img decoding=\"async\" width=\"690\" height=\"460\" src=\"https:\/\/na4u.pt\/wp-content\/uploads\/2024\/04\/workshop2-1024x682.jpg\" class=\"attachment-large size-large wp-image-1296\" alt=\"\" srcset=\"https:\/\/na4u.pt\/wp-content\/uploads\/2024\/04\/workshop2-1024x682.jpg 1024w, https:\/\/na4u.pt\/wp-content\/uploads\/2024\/04\/workshop2-300x200.jpg 300w, https:\/\/na4u.pt\/wp-content\/uploads\/2024\/04\/workshop2-768x512.jpg 768w, https:\/\/na4u.pt\/wp-content\/uploads\/2024\/04\/workshop2.jpg 1400w\" sizes=\"(max-width: 690px) 100vw, 690px\" \/>\t\t\t\t\t\t\t\t\t\t\t\t\t\t\t<\/div>\n\t\t\t\t<\/div>\n\t\t\t\t<\/div>\n\t\t\t\t\t<\/div>\n\t\t\t\t<\/div>\n\t\t<div class=\"elementor-element elementor-element-d9afd87 e-flex e-con-boxed e-con e-parent\" data-id=\"d9afd87\" data-element_type=\"container\" data-e-type=\"container\">\n\t\t\t\t\t<div class=\"e-con-inner\">\n\t\t\t\t<div class=\"elementor-element elementor-element-04ee89f elementor-widget elementor-widget-text-editor\" data-id=\"04ee89f\" data-element_type=\"widget\" data-e-type=\"widget\" data-widget_type=\"text-editor.default\">\n\t\t\t\t<div class=\"elementor-widget-container\">\n\t\t\t\t\t\t\t\t\t<p><strong>Informativo:<\/strong><br \/>&#8211; Valores para workshop completo 200\u20ac (3 Blocos)<br \/>&#8211; Valor por Bloco (1, 2 ou 3) 100\u20ac<br \/>&#8211; Valor aula privada = 80\u20ac<br \/>&#8211; Direito a Diploma e certificado de forma\u00e7\u00e3o<br \/>&#8211; Unidades de cr\u00e9dito para revalida\u00e7\u00e3o da c\u00e9dula profissional (sendo que 5h de forma\u00e7\u00e3o equivale a 1 U. regulamentado pelo IPDJ) <br \/>&#8211; Oferta do Kit do Aluno<br \/>&#8211; Snacks saud\u00e1veis, \u00e1gua e caf\u00e9<\/p>\t\t\t\t\t\t\t\t<\/div>\n\t\t\t\t<\/div>\n\t\t\t\t\t<\/div>\n\t\t\t\t<\/div>\n\t\t<div class=\"elementor-element elementor-element-9ecf2e1 e-flex e-con-boxed e-con e-parent\" data-id=\"9ecf2e1\" data-element_type=\"container\" data-e-type=\"container\">\n\t\t\t\t\t<div class=\"e-con-inner\">\n\t\t\t\t\t<\/div>\n\t\t\t\t<\/div>\n\t\t<div class=\"elementor-element elementor-element-81fde7e e-flex e-con-boxed e-con e-parent\" data-id=\"81fde7e\" data-element_type=\"container\" data-e-type=\"container\" data-settings=\"{&quot;background_background&quot;:&quot;classic&quot;}\">\n\t\t\t\t\t<div class=\"e-con-inner\">\n\t\t\t\t<div class=\"elementor-element elementor-element-2fdbf03 elementor-widget elementor-widget-heading\" data-id=\"2fdbf03\" data-element_type=\"widget\" data-e-type=\"widget\" data-widget_type=\"heading.default\">\n\t\t\t\t<div class=\"elementor-widget-container\">\n\t\t\t\t\t<h2 class=\"elementor-heading-title elementor-size-default\"><br \/>Galeria<\/h2>\t\t\t\t<\/div>\n\t\t\t\t<\/div>\n\t\t\t\t<div class=\"elementor-element elementor-element-c88fb0f elementor-arrows-position-inside elementor-widget elementor-widget-image-carousel\" data-id=\"c88fb0f\" data-element_type=\"widget\" data-e-type=\"widget\" data-settings=\"{&quot;slides_to_show&quot;:&quot;1&quot;,&quot;navigation&quot;:&quot;arrows&quot;,&quot;autoplay&quot;:&quot;yes&quot;,&quot;pause_on_hover&quot;:&quot;yes&quot;,&quot;pause_on_interaction&quot;:&quot;yes&quot;,&quot;autoplay_speed&quot;:5000,&quot;infinite&quot;:&quot;yes&quot;,&quot;effect&quot;:&quot;slide&quot;,&quot;speed&quot;:500}\" data-widget_type=\"image-carousel.default\">\n\t\t\t\t<div class=\"elementor-widget-container\">\n\t\t\t\t\t\t\t<div class=\"elementor-image-carousel-wrapper swiper\" role=\"region\" aria-roledescription=\"carousel\" aria-label=\"Carrossel de imagens\" dir=\"ltr\">\n\t\t\t<div class=\"elementor-image-carousel swiper-wrapper\" aria-live=\"off\">\n\t\t\t\t\t\t\t\t<div class=\"swiper-slide\" role=\"group\" aria-roledescription=\"slide\" aria-label=\"1 of 27\"><figure class=\"swiper-slide-inner\"><img decoding=\"async\" class=\"swiper-slide-image\" src=\"https:\/\/na4u.pt\/wp-content\/uploads\/2024\/11\/IMG_0012.jpg\" alt=\"IMG_0012\" \/><\/figure><\/div><div class=\"swiper-slide\" role=\"group\" aria-roledescription=\"slide\" aria-label=\"2 of 27\"><figure class=\"swiper-slide-inner\"><img decoding=\"async\" class=\"swiper-slide-image\" src=\"https:\/\/na4u.pt\/wp-content\/uploads\/2024\/11\/IMG_0029.jpg\" alt=\"IMG_0029\" \/><\/figure><\/div><div class=\"swiper-slide\" role=\"group\" aria-roledescription=\"slide\" aria-label=\"3 of 27\"><figure class=\"swiper-slide-inner\"><img decoding=\"async\" class=\"swiper-slide-image\" src=\"https:\/\/na4u.pt\/wp-content\/uploads\/2024\/11\/IMG_0045.jpg\" alt=\"IMG_0045\" \/><\/figure><\/div><div class=\"swiper-slide\" role=\"group\" aria-roledescription=\"slide\" aria-label=\"4 of 27\"><figure class=\"swiper-slide-inner\"><img decoding=\"async\" class=\"swiper-slide-image\" src=\"https:\/\/na4u.pt\/wp-content\/uploads\/2024\/11\/IMG_0081.jpg\" alt=\"IMG_0081\" \/><\/figure><\/div><div class=\"swiper-slide\" role=\"group\" aria-roledescription=\"slide\" aria-label=\"5 of 27\"><figure class=\"swiper-slide-inner\"><img decoding=\"async\" class=\"swiper-slide-image\" src=\"https:\/\/na4u.pt\/wp-content\/uploads\/2024\/11\/IMG_0086.jpg\" alt=\"IMG_0086\" \/><\/figure><\/div><div class=\"swiper-slide\" role=\"group\" aria-roledescription=\"slide\" aria-label=\"6 of 27\"><figure class=\"swiper-slide-inner\"><img decoding=\"async\" class=\"swiper-slide-image\" src=\"https:\/\/na4u.pt\/wp-content\/uploads\/2024\/11\/IMG_0148.jpg\" alt=\"IMG_0148\" \/><\/figure><\/div><div class=\"swiper-slide\" role=\"group\" aria-roledescription=\"slide\" aria-label=\"7 of 27\"><figure class=\"swiper-slide-inner\"><img decoding=\"async\" class=\"swiper-slide-image\" src=\"https:\/\/na4u.pt\/wp-content\/uploads\/2024\/11\/IMG_0182.jpg\" alt=\"IMG_0182\" \/><\/figure><\/div><div class=\"swiper-slide\" role=\"group\" aria-roledescription=\"slide\" aria-label=\"8 of 27\"><figure class=\"swiper-slide-inner\"><img decoding=\"async\" class=\"swiper-slide-image\" src=\"https:\/\/na4u.pt\/wp-content\/uploads\/2024\/11\/IMG_0187.jpg\" alt=\"IMG_0187\" \/><\/figure><\/div><div class=\"swiper-slide\" role=\"group\" aria-roledescription=\"slide\" aria-label=\"9 of 27\"><figure class=\"swiper-slide-inner\"><img decoding=\"async\" class=\"swiper-slide-image\" src=\"https:\/\/na4u.pt\/wp-content\/uploads\/2024\/11\/IMG_0222.jpg\" alt=\"IMG_0222\" \/><\/figure><\/div><div class=\"swiper-slide\" role=\"group\" aria-roledescription=\"slide\" aria-label=\"10 of 27\"><figure class=\"swiper-slide-inner\"><img decoding=\"async\" class=\"swiper-slide-image\" src=\"https:\/\/na4u.pt\/wp-content\/uploads\/2024\/11\/IMG_0228.jpg\" alt=\"IMG_0228\" \/><\/figure><\/div><div class=\"swiper-slide\" role=\"group\" aria-roledescription=\"slide\" aria-label=\"11 of 27\"><figure class=\"swiper-slide-inner\"><img decoding=\"async\" class=\"swiper-slide-image\" src=\"https:\/\/na4u.pt\/wp-content\/uploads\/2024\/11\/IMG_0234.jpg\" alt=\"IMG_0234\" \/><\/figure><\/div><div class=\"swiper-slide\" role=\"group\" aria-roledescription=\"slide\" aria-label=\"12 of 27\"><figure class=\"swiper-slide-inner\"><img decoding=\"async\" class=\"swiper-slide-image\" src=\"https:\/\/na4u.pt\/wp-content\/uploads\/2024\/11\/IMG_0253.jpg\" alt=\"IMG_0253\" \/><\/figure><\/div><div class=\"swiper-slide\" role=\"group\" aria-roledescription=\"slide\" aria-label=\"13 of 27\"><figure class=\"swiper-slide-inner\"><img decoding=\"async\" class=\"swiper-slide-image\" src=\"https:\/\/na4u.pt\/wp-content\/uploads\/2024\/11\/IMG_0360.jpg\" alt=\"IMG_0360\" \/><\/figure><\/div><div class=\"swiper-slide\" role=\"group\" aria-roledescription=\"slide\" aria-label=\"14 of 27\"><figure class=\"swiper-slide-inner\"><img decoding=\"async\" class=\"swiper-slide-image\" src=\"https:\/\/na4u.pt\/wp-content\/uploads\/2024\/11\/IMG_0370.jpg\" alt=\"IMG_0370\" \/><\/figure><\/div><div class=\"swiper-slide\" role=\"group\" aria-roledescription=\"slide\" aria-label=\"15 of 27\"><figure class=\"swiper-slide-inner\"><img decoding=\"async\" class=\"swiper-slide-image\" src=\"https:\/\/na4u.pt\/wp-content\/uploads\/2024\/11\/IMG_0377.jpg\" alt=\"IMG_0377\" \/><\/figure><\/div><div class=\"swiper-slide\" role=\"group\" aria-roledescription=\"slide\" aria-label=\"16 of 27\"><figure class=\"swiper-slide-inner\"><img decoding=\"async\" class=\"swiper-slide-image\" src=\"https:\/\/na4u.pt\/wp-content\/uploads\/2024\/11\/IMG_0393.jpg\" alt=\"IMG_0393\" \/><\/figure><\/div><div class=\"swiper-slide\" role=\"group\" aria-roledescription=\"slide\" aria-label=\"17 of 27\"><figure class=\"swiper-slide-inner\"><img decoding=\"async\" class=\"swiper-slide-image\" src=\"https:\/\/na4u.pt\/wp-content\/uploads\/2024\/11\/IMG_0444.jpg\" alt=\"IMG_0444\" \/><\/figure><\/div><div class=\"swiper-slide\" role=\"group\" aria-roledescription=\"slide\" aria-label=\"18 of 27\"><figure class=\"swiper-slide-inner\"><img decoding=\"async\" class=\"swiper-slide-image\" src=\"https:\/\/na4u.pt\/wp-content\/uploads\/2024\/11\/IMG_0466.jpg\" alt=\"IMG_0466\" \/><\/figure><\/div><div class=\"swiper-slide\" role=\"group\" aria-roledescription=\"slide\" aria-label=\"19 of 27\"><figure class=\"swiper-slide-inner\"><img decoding=\"async\" class=\"swiper-slide-image\" src=\"https:\/\/na4u.pt\/wp-content\/uploads\/2024\/11\/IMG_0508.jpg\" alt=\"IMG_0508\" \/><\/figure><\/div><div class=\"swiper-slide\" role=\"group\" aria-roledescription=\"slide\" aria-label=\"20 of 27\"><figure class=\"swiper-slide-inner\"><img decoding=\"async\" class=\"swiper-slide-image\" src=\"https:\/\/na4u.pt\/wp-content\/uploads\/2024\/11\/IMG_0530.jpg\" alt=\"IMG_0530\" \/><\/figure><\/div><div class=\"swiper-slide\" role=\"group\" aria-roledescription=\"slide\" aria-label=\"21 of 27\"><figure class=\"swiper-slide-inner\"><img decoding=\"async\" class=\"swiper-slide-image\" src=\"https:\/\/na4u.pt\/wp-content\/uploads\/2024\/11\/IMG_0587.jpg\" alt=\"IMG_0587\" \/><\/figure><\/div><div class=\"swiper-slide\" role=\"group\" aria-roledescription=\"slide\" aria-label=\"22 of 27\"><figure class=\"swiper-slide-inner\"><img decoding=\"async\" class=\"swiper-slide-image\" src=\"https:\/\/na4u.pt\/wp-content\/uploads\/2024\/11\/IMG_0628.jpg\" alt=\"IMG_0628\" \/><\/figure><\/div><div class=\"swiper-slide\" role=\"group\" aria-roledescription=\"slide\" aria-label=\"23 of 27\"><figure class=\"swiper-slide-inner\"><img decoding=\"async\" class=\"swiper-slide-image\" src=\"https:\/\/na4u.pt\/wp-content\/uploads\/2024\/11\/IMG_0630.jpg\" alt=\"IMG_0630\" \/><\/figure><\/div><div class=\"swiper-slide\" role=\"group\" aria-roledescription=\"slide\" aria-label=\"24 of 27\"><figure class=\"swiper-slide-inner\"><img decoding=\"async\" class=\"swiper-slide-image\" src=\"https:\/\/na4u.pt\/wp-content\/uploads\/2024\/11\/IMG_0636.jpg\" alt=\"IMG_0636\" \/><\/figure><\/div><div class=\"swiper-slide\" role=\"group\" aria-roledescription=\"slide\" aria-label=\"25 of 27\"><figure class=\"swiper-slide-inner\"><img decoding=\"async\" class=\"swiper-slide-image\" src=\"https:\/\/na4u.pt\/wp-content\/uploads\/2024\/11\/IMG_9734.jpg\" alt=\"IMG_9734\" \/><\/figure><\/div><div class=\"swiper-slide\" role=\"group\" aria-roledescription=\"slide\" aria-label=\"26 of 27\"><figure class=\"swiper-slide-inner\"><img decoding=\"async\" class=\"swiper-slide-image\" src=\"https:\/\/na4u.pt\/wp-content\/uploads\/2024\/11\/IMG_9855.jpg\" alt=\"IMG_9855\" \/><\/figure><\/div><div class=\"swiper-slide\" role=\"group\" aria-roledescription=\"slide\" aria-label=\"27 of 27\"><figure class=\"swiper-slide-inner\"><img decoding=\"async\" class=\"swiper-slide-image\" src=\"https:\/\/na4u.pt\/wp-content\/uploads\/2024\/11\/IMG_9928.jpg\" alt=\"IMG_9928\" \/><\/figure><\/div>\t\t\t<\/div>\n\t\t\t\t\t\t\t\t\t\t\t\t<div class=\"elementor-swiper-button elementor-swiper-button-prev\" role=\"button\" tabindex=\"0\">\n\t\t\t\t\t\t<svg aria-hidden=\"true\" class=\"e-font-icon-svg e-fas-arrow-circle-left\" viewBox=\"0 0 512 512\" xmlns=\"http:\/\/www.w3.org\/2000\/svg\"><path d=\"M256 504C119 504 8 393 8 256S119 8 256 8s248 111 248 248-111 248-248 248zm28.9-143.6L209.4 288H392c13.3 0 24-10.7 24-24v-16c0-13.3-10.7-24-24-24H209.4l75.5-72.4c9.7-9.3 9.9-24.8.4-34.3l-11-10.9c-9.4-9.4-24.6-9.4-33.9 0L107.7 239c-9.4 9.4-9.4 24.6 0 33.9l132.7 132.7c9.4 9.4 24.6 9.4 33.9 0l11-10.9c9.5-9.5 9.3-25-.4-34.3z\"><\/path><\/svg>\t\t\t\t\t<\/div>\n\t\t\t\t\t<div class=\"elementor-swiper-button elementor-swiper-button-next\" role=\"button\" tabindex=\"0\">\n\t\t\t\t\t\t<svg aria-hidden=\"true\" class=\"e-font-icon-svg e-fas-arrow-circle-right\" viewBox=\"0 0 512 512\" xmlns=\"http:\/\/www.w3.org\/2000\/svg\"><path d=\"M256 8c137 0 248 111 248 248S393 504 256 504 8 393 8 256 119 8 256 8zm-28.9 143.6l75.5 72.4H120c-13.3 0-24 10.7-24 24v16c0 13.3 10.7 24 24 24h182.6l-75.5 72.4c-9.7 9.3-9.9 24.8-.4 34.3l11 10.9c9.4 9.4 24.6 9.4 33.9 0L404.3 273c9.4-9.4 9.4-24.6 0-33.9L271.6 106.3c-9.4-9.4-24.6-9.4-33.9 0l-11 10.9c-9.5 9.6-9.3 25.1.4 34.4z\"><\/path><\/svg>\t\t\t\t\t<\/div>\n\t\t\t\t\n\t\t\t\t\t\t\t\t\t<\/div>\n\t\t\t\t\t\t<\/div>\n\t\t\t\t<\/div>\n\t\t\t\t<div class=\"elementor-element elementor-element-f1686c4 elementor-widget elementor-widget-spacer\" data-id=\"f1686c4\" data-element_type=\"widget\" data-e-type=\"widget\" data-widget_type=\"spacer.default\">\n\t\t\t\t<div class=\"elementor-widget-container\">\n\t\t\t\t\t\t\t<div class=\"elementor-spacer\">\n\t\t\t<div class=\"elementor-spacer-inner\"><\/div>\n\t\t<\/div>\n\t\t\t\t\t\t<\/div>\n\t\t\t\t<\/div>\n\t\t\t\t\t<\/div>\n\t\t\t\t<\/div>\n\t\t\t\t<\/div>\n\t\t","protected":false},"excerpt":{"rendered":"<p>Workshop &#8211; NA4U Sa\u00fade e Bem Estar WORKSHOP Introdu\u00e7\u00e3o e apresenta\u00e7\u00e3o Nota: Workshop realizado dia 20.07.2024 Jos\u00e9 Miguel Garcia, Professor do Aut\u00eantico M\u00e9todo Pilates formado por Inelia Garcia no The Pilates Studio Brasil. No fim da sua gradua\u00e7\u00e3o em Educa\u00e7\u00e3o F\u00edsica, em 2013, em Santiago do Chile, ingressou no \u201cThe Pilates Studio\u00ae Brasil\u201d para iniciar<br \/><a class=\"moretag\" href=\"https:\/\/na4u.pt\/index.php\/workshop-pilates-clinico\/\">+ Read More<\/a><\/p>\n","protected":false},"author":1,"featured_media":0,"parent":0,"menu_order":0,"comment_status":"closed","ping_status":"closed","template":"templates\/page-builder.php","meta":{"footnotes":""},"class_list":["post-1267","page","type-page","status-publish","hentry"],"yoast_head":"<!-- This site is optimized with the Yoast SEO plugin v27.2 - https:\/\/yoast.com\/product\/yoast-seo-wordpress\/ -->\n<title>Workshop de Pilates Cl\u00ednico - Forma\u00e7\u00e3o Profissional | NA4U<\/title>\n<meta name=\"description\" content=\"Workshop de pilates cl\u00ednico com Jos\u00e9 Miguel Garcia. Forma\u00e7\u00e3o pr\u00e1tica para profissionais da \u00e1rea da sa\u00fade e movimento.\" \/>\n<meta name=\"robots\" content=\"index, follow, max-snippet:-1, max-image-preview:large, max-video-preview:-1\" \/>\n<link rel=\"canonical\" href=\"https:\/\/na4u.pt\/index.php\/workshop-pilates-clinico\/\" \/>\n<meta property=\"og:locale\" content=\"pt_PT\" \/>\n<meta property=\"og:type\" content=\"article\" \/>\n<meta property=\"og:title\" content=\"Workshop de Pilates Cl\u00ednico - Forma\u00e7\u00e3o Profissional | NA4U\" \/>\n<meta property=\"og:description\" content=\"Workshop de pilates cl\u00ednico com Jos\u00e9 Miguel Garcia. Forma\u00e7\u00e3o pr\u00e1tica para profissionais da \u00e1rea da sa\u00fade e movimento.\" \/>\n<meta property=\"og:url\" content=\"https:\/\/na4u.pt\/index.php\/workshop-pilates-clinico\/\" \/>\n<meta property=\"og:site_name\" content=\"NA4U\" \/>\n<meta property=\"article:publisher\" content=\"https:\/\/www.facebook.com\/SANDRASILVAPILATES\" \/>\n<meta property=\"article:modified_time\" content=\"2026-02-03T13:58:34+00:00\" \/>\n<meta property=\"og:image\" content=\"https:\/\/na4u.pt\/wp-content\/uploads\/2024\/04\/workshop_1.jpg\" \/>\n<meta name=\"twitter:card\" content=\"summary_large_image\" \/>\n<meta name=\"twitter:label1\" content=\"Tempo estimado de leitura\" \/>\n\t<meta name=\"twitter:data1\" content=\"9 minutos\" \/>\n<script type=\"application\/ld+json\" class=\"yoast-schema-graph\">{\"@context\":\"https:\/\/schema.org\",\"@graph\":[{\"@type\":[\"WebPage\",\"ItemPage\"],\"@id\":\"https:\/\/na4u.pt\/index.php\/workshop-pilates-clinico\/\",\"url\":\"https:\/\/na4u.pt\/index.php\/workshop-pilates-clinico\/\",\"name\":\"Workshop de Pilates Cl\u00ednico - Forma\u00e7\u00e3o Profissional | NA4U\",\"isPartOf\":{\"@id\":\"https:\/\/na4u.pt\/#website\"},\"primaryImageOfPage\":{\"@id\":\"https:\/\/na4u.pt\/index.php\/workshop-pilates-clinico\/#primaryimage\"},\"image\":{\"@id\":\"https:\/\/na4u.pt\/index.php\/workshop-pilates-clinico\/#primaryimage\"},\"thumbnailUrl\":\"https:\/\/na4u.pt\/wp-content\/uploads\/2024\/04\/workshop_1.jpg\",\"datePublished\":\"2024-04-28T22:40:32+00:00\",\"dateModified\":\"2026-02-03T13:58:34+00:00\",\"description\":\"Workshop de pilates cl\u00ednico com Jos\u00e9 Miguel Garcia. Forma\u00e7\u00e3o pr\u00e1tica para profissionais da \u00e1rea da sa\u00fade e movimento.\",\"breadcrumb\":{\"@id\":\"https:\/\/na4u.pt\/index.php\/workshop-pilates-clinico\/#breadcrumb\"},\"inLanguage\":\"pt-PT\",\"potentialAction\":[{\"@type\":\"ReadAction\",\"target\":[\"https:\/\/na4u.pt\/index.php\/workshop-pilates-clinico\/\"]}]},{\"@type\":\"ImageObject\",\"inLanguage\":\"pt-PT\",\"@id\":\"https:\/\/na4u.pt\/index.php\/workshop-pilates-clinico\/#primaryimage\",\"url\":\"https:\/\/na4u.pt\/wp-content\/uploads\/2024\/04\/workshop_1.jpg\",\"contentUrl\":\"https:\/\/na4u.pt\/wp-content\/uploads\/2024\/04\/workshop_1.jpg\",\"width\":1400,\"height\":900},{\"@type\":\"BreadcrumbList\",\"@id\":\"https:\/\/na4u.pt\/index.php\/workshop-pilates-clinico\/#breadcrumb\",\"itemListElement\":[{\"@type\":\"ListItem\",\"position\":1,\"name\":\"In\u00edcio\",\"item\":\"https:\/\/na4u.pt\/\"},{\"@type\":\"ListItem\",\"position\":2,\"name\":\"WorkShop &#8211; Jos\u00e9 Miguel Garcia\"}]},{\"@type\":\"WebSite\",\"@id\":\"https:\/\/na4u.pt\/#website\",\"url\":\"https:\/\/na4u.pt\/\",\"name\":\"NA4U - Sa\u00fade e Bem Estar | Pilates Cl\u00ednico\",\"description\":\"NA4U: Est\u00fadio de Pilates Cl\u00ednico e Escola de Forma\u00e7\u00e3o certificada para profissionais de sa\u00fade. Sa\u00fade, movimento e especializa\u00e7\u00e3o para todos.\",\"publisher\":{\"@id\":\"https:\/\/na4u.pt\/#organization\"},\"potentialAction\":[{\"@type\":\"SearchAction\",\"target\":{\"@type\":\"EntryPoint\",\"urlTemplate\":\"https:\/\/na4u.pt\/?s={search_term_string}\"},\"query-input\":{\"@type\":\"PropertyValueSpecification\",\"valueRequired\":true,\"valueName\":\"search_term_string\"}}],\"inLanguage\":\"pt-PT\"},{\"@type\":\"Organization\",\"@id\":\"https:\/\/na4u.pt\/#organization\",\"name\":\"NA4U - Sa\u00fade e Bem Estar | Pilates Cl\u00ednico\",\"url\":\"https:\/\/na4u.pt\/\",\"logo\":{\"@type\":\"ImageObject\",\"inLanguage\":\"pt-PT\",\"@id\":\"https:\/\/na4u.pt\/#\/schema\/logo\/image\/\",\"url\":\"https:\/\/na4u.pt\/wp-content\/uploads\/2024\/02\/cropped-logo_black.png\",\"contentUrl\":\"https:\/\/na4u.pt\/wp-content\/uploads\/2024\/02\/cropped-logo_black.png\",\"width\":512,\"height\":512,\"caption\":\"NA4U - Sa\u00fade e Bem Estar | Pilates Cl\u00ednico\"},\"image\":{\"@id\":\"https:\/\/na4u.pt\/#\/schema\/logo\/image\/\"},\"sameAs\":[\"https:\/\/www.facebook.com\/SANDRASILVAPILATES\"]}]}<\/script>\n<!-- \/ Yoast SEO plugin. -->","yoast_head_json":{"title":"Workshop de Pilates Cl\u00ednico - Forma\u00e7\u00e3o Profissional | NA4U","description":"Workshop de pilates cl\u00ednico com Jos\u00e9 Miguel Garcia. Forma\u00e7\u00e3o pr\u00e1tica para profissionais da \u00e1rea da sa\u00fade e movimento.","robots":{"index":"index","follow":"follow","max-snippet":"max-snippet:-1","max-image-preview":"max-image-preview:large","max-video-preview":"max-video-preview:-1"},"canonical":"https:\/\/na4u.pt\/index.php\/workshop-pilates-clinico\/","og_locale":"pt_PT","og_type":"article","og_title":"Workshop de Pilates Cl\u00ednico - Forma\u00e7\u00e3o Profissional | NA4U","og_description":"Workshop de pilates cl\u00ednico com Jos\u00e9 Miguel Garcia. Forma\u00e7\u00e3o pr\u00e1tica para profissionais da \u00e1rea da sa\u00fade e movimento.","og_url":"https:\/\/na4u.pt\/index.php\/workshop-pilates-clinico\/","og_site_name":"NA4U","article_publisher":"https:\/\/www.facebook.com\/SANDRASILVAPILATES","article_modified_time":"2026-02-03T13:58:34+00:00","og_image":[{"url":"https:\/\/na4u.pt\/wp-content\/uploads\/2024\/04\/workshop_1.jpg","type":"","width":"","height":""}],"twitter_card":"summary_large_image","twitter_misc":{"Tempo estimado de leitura":"9 minutos"},"schema":{"@context":"https:\/\/schema.org","@graph":[{"@type":["WebPage","ItemPage"],"@id":"https:\/\/na4u.pt\/index.php\/workshop-pilates-clinico\/","url":"https:\/\/na4u.pt\/index.php\/workshop-pilates-clinico\/","name":"Workshop de Pilates Cl\u00ednico - Forma\u00e7\u00e3o Profissional | NA4U","isPartOf":{"@id":"https:\/\/na4u.pt\/#website"},"primaryImageOfPage":{"@id":"https:\/\/na4u.pt\/index.php\/workshop-pilates-clinico\/#primaryimage"},"image":{"@id":"https:\/\/na4u.pt\/index.php\/workshop-pilates-clinico\/#primaryimage"},"thumbnailUrl":"https:\/\/na4u.pt\/wp-content\/uploads\/2024\/04\/workshop_1.jpg","datePublished":"2024-04-28T22:40:32+00:00","dateModified":"2026-02-03T13:58:34+00:00","description":"Workshop de pilates cl\u00ednico com Jos\u00e9 Miguel Garcia. Forma\u00e7\u00e3o pr\u00e1tica para profissionais da \u00e1rea da sa\u00fade e movimento.","breadcrumb":{"@id":"https:\/\/na4u.pt\/index.php\/workshop-pilates-clinico\/#breadcrumb"},"inLanguage":"pt-PT","potentialAction":[{"@type":"ReadAction","target":["https:\/\/na4u.pt\/index.php\/workshop-pilates-clinico\/"]}]},{"@type":"ImageObject","inLanguage":"pt-PT","@id":"https:\/\/na4u.pt\/index.php\/workshop-pilates-clinico\/#primaryimage","url":"https:\/\/na4u.pt\/wp-content\/uploads\/2024\/04\/workshop_1.jpg","contentUrl":"https:\/\/na4u.pt\/wp-content\/uploads\/2024\/04\/workshop_1.jpg","width":1400,"height":900},{"@type":"BreadcrumbList","@id":"https:\/\/na4u.pt\/index.php\/workshop-pilates-clinico\/#breadcrumb","itemListElement":[{"@type":"ListItem","position":1,"name":"In\u00edcio","item":"https:\/\/na4u.pt\/"},{"@type":"ListItem","position":2,"name":"WorkShop &#8211; Jos\u00e9 Miguel Garcia"}]},{"@type":"WebSite","@id":"https:\/\/na4u.pt\/#website","url":"https:\/\/na4u.pt\/","name":"NA4U - Sa\u00fade e Bem Estar | Pilates Cl\u00ednico","description":"NA4U: Est\u00fadio de Pilates Cl\u00ednico e Escola de Forma\u00e7\u00e3o certificada para profissionais de sa\u00fade. Sa\u00fade, movimento e especializa\u00e7\u00e3o para todos.","publisher":{"@id":"https:\/\/na4u.pt\/#organization"},"potentialAction":[{"@type":"SearchAction","target":{"@type":"EntryPoint","urlTemplate":"https:\/\/na4u.pt\/?s={search_term_string}"},"query-input":{"@type":"PropertyValueSpecification","valueRequired":true,"valueName":"search_term_string"}}],"inLanguage":"pt-PT"},{"@type":"Organization","@id":"https:\/\/na4u.pt\/#organization","name":"NA4U - Sa\u00fade e Bem Estar | Pilates Cl\u00ednico","url":"https:\/\/na4u.pt\/","logo":{"@type":"ImageObject","inLanguage":"pt-PT","@id":"https:\/\/na4u.pt\/#\/schema\/logo\/image\/","url":"https:\/\/na4u.pt\/wp-content\/uploads\/2024\/02\/cropped-logo_black.png","contentUrl":"https:\/\/na4u.pt\/wp-content\/uploads\/2024\/02\/cropped-logo_black.png","width":512,"height":512,"caption":"NA4U - Sa\u00fade e Bem Estar | Pilates Cl\u00ednico"},"image":{"@id":"https:\/\/na4u.pt\/#\/schema\/logo\/image\/"},"sameAs":["https:\/\/www.facebook.com\/SANDRASILVAPILATES"]}]}},"_links":{"self":[{"href":"https:\/\/na4u.pt\/index.php\/wp-json\/wp\/v2\/pages\/1267","targetHints":{"allow":["GET"]}}],"collection":[{"href":"https:\/\/na4u.pt\/index.php\/wp-json\/wp\/v2\/pages"}],"about":[{"href":"https:\/\/na4u.pt\/index.php\/wp-json\/wp\/v2\/types\/page"}],"author":[{"embeddable":true,"href":"https:\/\/na4u.pt\/index.php\/wp-json\/wp\/v2\/users\/1"}],"replies":[{"embeddable":true,"href":"https:\/\/na4u.pt\/index.php\/wp-json\/wp\/v2\/comments?post=1267"}],"version-history":[{"count":96,"href":"https:\/\/na4u.pt\/index.php\/wp-json\/wp\/v2\/pages\/1267\/revisions"}],"predecessor-version":[{"id":1752,"href":"https:\/\/na4u.pt\/index.php\/wp-json\/wp\/v2\/pages\/1267\/revisions\/1752"}],"wp:attachment":[{"href":"https:\/\/na4u.pt\/index.php\/wp-json\/wp\/v2\/media?parent=1267"}],"curies":[{"name":"wp","href":"https:\/\/api.w.org\/{rel}","templated":true}]}}